{"id":467,"date":"2025-03-05T15:02:09","date_gmt":"2025-03-05T14:02:09","guid":{"rendered":"https:\/\/mandat.de\/imk\/?page_id=467"},"modified":"2025-09-15T08:31:10","modified_gmt":"2025-09-15T06:31:10","slug":"faq","status":"publish","type":"page","link":"https:\/\/mandat.de\/imk\/faq\/","title":{"rendered":"FAQ"},"content":{"rendered":"\n<style type=\"text\/css\" data-created_by=\"avia_inline_auto\" id=\"style-css-av-1dwq-c12669a46297ec8561592039e5e99a8f\">\n.avia-section.av-1dwq-c12669a46297ec8561592039e5e99a8f{\nposition:relative;\n}\n.avia-section.av-1dwq-c12669a46297ec8561592039e5e99a8f .avia-divider-svg-bottom svg{\nheight:80px;\nfill:#f8f8f8;\n}\n<\/style>\n<div id='av_section_1'  class='avia-section av-1dwq-c12669a46297ec8561592039e5e99a8f main_color avia-section-default avia-no-border-styling  avia-builder-el-0  el_before_av_section  avia-builder-el-first  avia-bg-style-scroll container_wrap fullsize'  ><div class='avia-divider-svg avia-divider-svg-tilt avia-divider-svg-bottom avia-flipped-svg avia-to-front avia-svg-original'><svg xmlns=\"http:\/\/www.w3.org\/2000\/svg\" viewBox=\"0 0 1000 100\" preserveAspectRatio=\"none\">\n\t<path d=\"M0,6V0h1000v100L0,6z\"\/>\n<\/svg><\/div><div class='container av-section-cont-open' ><main  role=\"main\" itemprop=\"mainContentOfPage\"  class='template-page content  av-content-full alpha units'><div class='post-entry post-entry-type-page post-entry-467'><div class='entry-content-wrapper clearfix'>\n<div  class='flex_column av-1pblw-91be13ef489b65b6911773afba7e3398 av_one_full  avia-builder-el-1  el_before_av_one_full  avia-builder-el-first  first flex_column_div  '     ><section  class='av_textblock_section av-oseo-5b586d6a82536a1c57bfb1b3640b71dd '   itemscope=\"itemscope\" itemtype=\"https:\/\/schema.org\/CreativeWork\" ><div class='avia_textblock'  itemprop=\"text\" ><h1>Informationen zur Teilnahme<\/h1>\n<\/div><\/section><\/div><div  id=\"teilnahmebedingungen\"  class='flex_column av-5cve-0df55b8a64758cd8885bce1a7c64377c av_one_full  avia-builder-el-3  el_after_av_one_full  el_before_av_one_full  first flex_column_div  column-top-margin'     ><section  class='av_textblock_section av-15h6g-6599d42c351a87258d005ccdf59a7bf9 '   itemscope=\"itemscope\" itemtype=\"https:\/\/schema.org\/CreativeWork\" ><div class='avia_textblock'  itemprop=\"text\" ><p><strong>Teilnahmebedingungen<\/strong><\/p>\n<p>Ihre Anmeldung erbitten wir schriftlich per Fax, Post oder E-Mail. Sie erhalten nach Eingang Ihrer schriftlichen Anmeldung eine Reservierungsbest\u00e4tigung per E-Mail sowie eine Rechnung in H\u00f6he der Teilnahmekondition. Die Teilnahmekondition ist nach Erhalt der Rechnung zu begleichen. Erst mit Begleichung der Rechnung ist Ihre Teilnahme sicher und Ihr Platz verbindlich gebucht. Die Teilnehmerzahl ist streng limitiert. Wir behalten uns im Sinne einer geeigneten Zusammensetzung des Teilnehmerfeldes vor, Anmeldungen abzulehnen. Enthalten in Ihrer Teilnahmekondition sind Ihre Veranstaltungsdokumente, die Mittags- und Pausenverpflegungen, inkl. bereitstehender Getr\u00e4nke, eine Einladung zum gemeinsamen Abendessen am Vorabend sowie zu unserem festlichen Dinner inkl. eines Shuttle-Services zur Award-Verleihung und zur\u00fcck am zweiten Veranstaltungstag.<\/p>\n<p>Jeder Teilnehmende tr\u00e4gt durch seine freiwillige Teilnahme die volle Verantwortung f\u00fcr sich selbst und seine Handlungen innerhalb und au\u00dferhalb des Internationalen Marken-Kolloquiums. Er kommt f\u00fcr die durch ihn verursachten Sch\u00e4den selbst auf und stellt den Veranstalter, die Mandat Managementberatung GmbH in Dortmund, von allen Haftungs- und Schadensersatzanspr\u00fcchen frei. Der Veranstalter beh\u00e4lt sich Referenten- und Themen\u00e4nderungen vor, ohne dass dies eine Leistungsminderung darstellt.<\/p>\n<\/div><\/section><\/div><div  id=\"teilnahmebedingungen\"  class='flex_column av-khlln-7d7c80ed0d1ded58b3901bc284dd280c av_one_full  avia-builder-el-5  el_after_av_one_full  avia-builder-el-last  first flex_column_div  column-top-margin'     ><section  class='av_textblock_section av-fpg2j-20f807c2cec09517262eac2bee7c19c9 '   itemscope=\"itemscope\" itemtype=\"https:\/\/schema.org\/CreativeWork\" ><div class='avia_textblock'  itemprop=\"text\" ><p><strong>Umbuchungen und Stornierungen<\/strong><\/p>\n<p>Sobald Ihre Anmeldung bei uns eintrifft, erhalten Sie eine Anmeldebest\u00e4tigung per E-Mail. Die Zahlung erfolgt auf Rechnung. M\u00f6chten Sie von Ihrer verbindlichen Anmeldung zur\u00fccktreten, teilen Sie uns dies bitte schriftlich mit. Ihnen werden 50 % der Teilnahmegeb\u00fchr bis zum 30.06.2026 erstattet. Alternativ haben Sie bis zu sechs Wochen vor Veranstaltungsbeginn die M\u00f6glichkeiten, Ihr gezahltes Guthaben f\u00fcr die Teilnahme am 24. Internationalen Marken-Kolloquium 2027 stehenzulassen oder in Abstimmung mit Mandat eine Umbuchung auf einen anderen Markenf\u00fchrer kostenfrei vorzunehmen. Kosten, die uns ggf. durch eine kurzfristige Absage innerhalb von sieben Tagen vor Veranstaltungsbeginn entstehen, berechnen wir Ihnen weiter.<\/p>\n<\/div><\/section><\/div><\/div><\/div><\/main><!-- close content main element --><\/div><\/div>\n<style type=\"text\/css\" data-created_by=\"avia_inline_auto\" id=\"style-css-av-m4iwmva2-eccfd2f88fca5d6243c1bf39e6c7e48f\">\n.avia-section.av-m4iwmva2-eccfd2f88fca5d6243c1bf39e6c7e48f{\nbackground-color:#002e72;\nbackground-image:unset;\nposition:relative;\n}\n.avia-section.av-m4iwmva2-eccfd2f88fca5d6243c1bf39e6c7e48f .avia-divider-svg-top svg{\nheight:60px;\nfill:#f8f8f8;\n}\n.avia-section.av-m4iwmva2-eccfd2f88fca5d6243c1bf39e6c7e48f .avia-divider-svg-bottom svg{\nheight:80px;\nfill:#002e72;\n}\n<\/style>\n<div id='av_section_2'  class='avia-section av-m4iwmva2-eccfd2f88fca5d6243c1bf39e6c7e48f main_color avia-section-default avia-shadow  avia-builder-el-7  el_after_av_section  el_before_av_section  avia-bg-style-scroll container_wrap fullsize'  ><div class='avia-divider-svg avia-divider-svg-tilt avia-divider-svg-top avia-flipped-svg avia-to-front avia-svg-original'><svg xmlns=\"http:\/\/www.w3.org\/2000\/svg\" viewBox=\"0 0 1000 100\" preserveAspectRatio=\"none\">\n\t<path d=\"M0,6V0h1000v100L0,6z\"\/>\n<\/svg><\/div><div class='avia-divider-svg avia-divider-svg-tilt avia-divider-svg-bottom avia-flipped-svg avia-to-front avia-svg-original'><svg xmlns=\"http:\/\/www.w3.org\/2000\/svg\" viewBox=\"0 0 1000 100\" preserveAspectRatio=\"none\">\n\t<path d=\"M0,6V0h1000v100L0,6z\"\/>\n<\/svg><\/div><div class='container av-section-cont-open' ><div class='template-page content  av-content-full alpha units'><div class='post-entry post-entry-type-page post-entry-467'><div class='entry-content-wrapper clearfix'>\n\n<style type=\"text\/css\" data-created_by=\"avia_inline_auto\" id=\"style-css-av-qwpw-6d12f32afc17ca2d4902f6a4e7a50baa\">\n#top .hr.hr-invisible.av-qwpw-6d12f32afc17ca2d4902f6a4e7a50baa{\nheight:100px;\n}\n<\/style>\n<div  class='hr av-qwpw-6d12f32afc17ca2d4902f6a4e7a50baa hr-invisible  avia-builder-el-8  el_before_av_one_full  avia-builder-el-first '><span class='hr-inner '><span class=\"hr-inner-style\"><\/span><\/span><\/div>\n<div  class='flex_column av-98pa-f758f8500ffee0cb598288f510ca869b av_one_full  avia-builder-el-9  el_after_av_hr  el_before_av_one_full  first flex_column_div  '     ><style type=\"text\/css\" data-created_by=\"avia_inline_auto\" id=\"style-css-av-wb63-0f7e8a843eed791ed462236191721d79\">\n#top .av_textblock_section.av-wb63-0f7e8a843eed791ed462236191721d79 .avia_textblock{\ncolor:#ffffff;\n}\n<\/style>\n<section  class='av_textblock_section av-wb63-0f7e8a843eed791ed462236191721d79 '   itemscope=\"itemscope\" itemtype=\"https:\/\/schema.org\/CreativeWork\" ><div class='avia_textblock av_inherit_color'  itemprop=\"text\" ><p><strong>Zimmerreservierung im Kloster Seeon<\/strong><\/p>\n<p>Mit Ihrer Anmeldung \u00fcbernehmen wir automatisch die Zimmerreservierung im Kloster Seeon f\u00fcr Sie. Mit der Hotelbuchung \u00fcber die Mandat Managementberatung GmbH werden Sie unmittelbarer Vertragspartner des Hotels. Bei Nichtinanspruchnahme des reservierten Zimmers ist das Hotel berechtigt, eine Leerbettengeb\u00fchr zu erheben. Die Hotelrechnung begleichen Sie bitte bei Abreise direkt vor Ort. Sollte das Zimmer- kontingent im Kloster Seeon ersch\u00f6pft sein, reservieren wir gerne ein Zimmer in einem nahegelegenen Hotel f\u00fcr Sie. Wenn Sie keine \u00dcbernachtung w\u00fcnschen, teilen Sie uns dies bitte mit.<\/p>\n<\/div><\/section><\/div><div  class='flex_column av-bmqfn-62c40fe39c55b5ab6681e3cf93bc5d22 av_one_full  avia-builder-el-11  el_after_av_one_full  avia-builder-el-last  first flex_column_div  column-top-margin'     ><style type=\"text\/css\" data-created_by=\"avia_inline_auto\" id=\"style-css-av-m7vzxwh4-288bfe0dcffdb3196e1368e1283b2ad4\">\n#top .av_textblock_section.av-m7vzxwh4-288bfe0dcffdb3196e1368e1283b2ad4 .avia_textblock{\ncolor:#ffffff;\n}\n<\/style>\n<section  class='av_textblock_section av-m7vzxwh4-288bfe0dcffdb3196e1368e1283b2ad4 '   itemscope=\"itemscope\" itemtype=\"https:\/\/schema.org\/CreativeWork\" ><div class='avia_textblock av_inherit_color'  itemprop=\"text\" ><p><strong>Kleiderordnung<\/strong><\/p>\n<p>F\u00fcr das Internationale Marken-Kolloquium und das festliche Dinner empfehlen wir Ihnen Business- Kleidung.<\/p>\n<\/div><\/section><\/div>\n<\/p>\n<\/div><\/div><\/div><!-- close content main div --><\/div><\/div>\n<style type=\"text\/css\" data-created_by=\"avia_inline_auto\" id=\"style-css-av-m60w0uix-162fbff722c5cf67bd3cd10ad2bc6130\">\n.avia-section.av-m60w0uix-162fbff722c5cf67bd3cd10ad2bc6130{\nposition:relative;\n}\n.avia-section.av-m60w0uix-162fbff722c5cf67bd3cd10ad2bc6130 .av-parallax .av-parallax-inner{\nbackground-color:#ffffff;\nbackground-image:url(https:\/\/mandat.de\/imk\/wp-content\/uploads\/2024\/12\/DJI_0945-scaled.jpg);\nbackground-repeat:no-repeat;\nbackground-position:50% 50%;\nbackground-attachment:scroll;\n}\n.avia-section.av-m60w0uix-162fbff722c5cf67bd3cd10ad2bc6130 .avia-divider-svg-top svg{\nheight:60px;\nfill:#002e72;\n}\n<\/style>\n<div id='av_section_3'  class='avia-section av-m60w0uix-162fbff722c5cf67bd3cd10ad2bc6130 main_color avia-section-default avia-no-border-styling  avia-builder-el-13  el_after_av_section  avia-builder-el-last  av-parallax-section avia-bg-style-parallax av-minimum-height av-minimum-height-50 av-height-50  container_wrap fullsize'  data-section-bg-repeat='no-repeat' data-av_minimum_height_pc='50' data-av_min_height_opt='50'><div class='avia-divider-svg avia-divider-svg-tilt avia-divider-svg-top avia-flipped-svg avia-to-front avia-svg-original'><svg xmlns=\"http:\/\/www.w3.org\/2000\/svg\" viewBox=\"0 0 1000 100\" preserveAspectRatio=\"none\">\n\t<path d=\"M0,6V0h1000v100L0,6z\"\/>\n<\/svg><\/div><div class='av-parallax' data-avia-parallax-ratio='0.3' ><div class='av-parallax-inner main_color avia-full-stretch'><\/div><\/div><div class='container av-section-cont-open' ><div class='template-page content  av-content-full alpha units'><div class='post-entry post-entry-type-page post-entry-467'><div class='entry-content-wrapper clearfix'>\n","protected":false},"excerpt":{"rendered":"","protected":false},"author":1,"featured_media":0,"parent":0,"menu_order":0,"comment_status":"closed","ping_status":"closed","template":"","meta":{"footnotes":""},"class_list":["post-467","page","type-page","status-publish","hentry"],"yoast_head":"<!-- This site is optimized with the Yoast SEO plugin v26.2 - https:\/\/yoast.com\/wordpress\/plugins\/seo\/ -->\n<title>FAQ - Internationales Marken-Kolloquium<\/title>\n<meta name=\"robots\" content=\"index, follow, max-snippet:-1, max-image-preview:large, max-video-preview:-1\" \/>\n<link rel=\"canonical\" href=\"https:\/\/mandat.de\/imk\/faq\/\" \/>\n<meta property=\"og:locale\" content=\"de_DE\" \/>\n<meta property=\"og:type\" content=\"article\" \/>\n<meta property=\"og:title\" content=\"FAQ - Internationales Marken-Kolloquium\" \/>\n<meta property=\"og:url\" content=\"https:\/\/mandat.de\/imk\/faq\/\" \/>\n<meta property=\"og:site_name\" content=\"Internationales Marken-Kolloquium\" \/>\n<meta property=\"article:modified_time\" content=\"2025-09-15T06:31:10+00:00\" \/>\n<meta name=\"twitter:card\" content=\"summary_large_image\" \/>\n<meta name=\"twitter:label1\" content=\"Gesch\u00e4tzte Lesezeit\" \/>\n\t<meta name=\"twitter:data1\" content=\"3\u00a0Minuten\" \/>\n<script type=\"application\/ld+json\" class=\"yoast-schema-graph\">{\"@context\":\"https:\/\/schema.org\",\"@graph\":[{\"@type\":\"WebPage\",\"@id\":\"https:\/\/mandat.de\/imk\/faq\/\",\"url\":\"https:\/\/mandat.de\/imk\/faq\/\",\"name\":\"FAQ - Internationales Marken-Kolloquium\",\"isPartOf\":{\"@id\":\"https:\/\/mandat.de\/imk\/#website\"},\"datePublished\":\"2025-03-05T14:02:09+00:00\",\"dateModified\":\"2025-09-15T06:31:10+00:00\",\"breadcrumb\":{\"@id\":\"https:\/\/mandat.de\/imk\/faq\/#breadcrumb\"},\"inLanguage\":\"de\",\"potentialAction\":[{\"@type\":\"ReadAction\",\"target\":[\"https:\/\/mandat.de\/imk\/faq\/\"]}]},{\"@type\":\"BreadcrumbList\",\"@id\":\"https:\/\/mandat.de\/imk\/faq\/#breadcrumb\",\"itemListElement\":[{\"@type\":\"ListItem\",\"position\":1,\"name\":\"Startseite\",\"item\":\"https:\/\/mandat.de\/imk\/startseite\/\"},{\"@type\":\"ListItem\",\"position\":2,\"name\":\"FAQ\"}]},{\"@type\":\"WebSite\",\"@id\":\"https:\/\/mandat.de\/imk\/#website\",\"url\":\"https:\/\/mandat.de\/imk\/\",\"name\":\"Internationales Marken-Kolloquium\",\"description\":\"\",\"potentialAction\":[{\"@type\":\"SearchAction\",\"target\":{\"@type\":\"EntryPoint\",\"urlTemplate\":\"https:\/\/mandat.de\/imk\/?s={search_term_string}\"},\"query-input\":{\"@type\":\"PropertyValueSpecification\",\"valueRequired\":true,\"valueName\":\"search_term_string\"}}],\"inLanguage\":\"de\"}]}<\/script>\n<!-- \/ Yoast SEO plugin. -->","yoast_head_json":{"title":"FAQ - Internationales Marken-Kolloquium","robots":{"index":"index","follow":"follow","max-snippet":"max-snippet:-1","max-image-preview":"max-image-preview:large","max-video-preview":"max-video-preview:-1"},"canonical":"https:\/\/mandat.de\/imk\/faq\/","og_locale":"de_DE","og_type":"article","og_title":"FAQ - Internationales Marken-Kolloquium","og_url":"https:\/\/mandat.de\/imk\/faq\/","og_site_name":"Internationales Marken-Kolloquium","article_modified_time":"2025-09-15T06:31:10+00:00","twitter_card":"summary_large_image","twitter_misc":{"Gesch\u00e4tzte Lesezeit":"3\u00a0Minuten"},"schema":{"@context":"https:\/\/schema.org","@graph":[{"@type":"WebPage","@id":"https:\/\/mandat.de\/imk\/faq\/","url":"https:\/\/mandat.de\/imk\/faq\/","name":"FAQ - Internationales Marken-Kolloquium","isPartOf":{"@id":"https:\/\/mandat.de\/imk\/#website"},"datePublished":"2025-03-05T14:02:09+00:00","dateModified":"2025-09-15T06:31:10+00:00","breadcrumb":{"@id":"https:\/\/mandat.de\/imk\/faq\/#breadcrumb"},"inLanguage":"de","potentialAction":[{"@type":"ReadAction","target":["https:\/\/mandat.de\/imk\/faq\/"]}]},{"@type":"BreadcrumbList","@id":"https:\/\/mandat.de\/imk\/faq\/#breadcrumb","itemListElement":[{"@type":"ListItem","position":1,"name":"Startseite","item":"https:\/\/mandat.de\/imk\/startseite\/"},{"@type":"ListItem","position":2,"name":"FAQ"}]},{"@type":"WebSite","@id":"https:\/\/mandat.de\/imk\/#website","url":"https:\/\/mandat.de\/imk\/","name":"Internationales Marken-Kolloquium","description":"","potentialAction":[{"@type":"SearchAction","target":{"@type":"EntryPoint","urlTemplate":"https:\/\/mandat.de\/imk\/?s={search_term_string}"},"query-input":{"@type":"PropertyValueSpecification","valueRequired":true,"valueName":"search_term_string"}}],"inLanguage":"de"}]}},"_links":{"self":[{"href":"https:\/\/mandat.de\/imk\/wp-json\/wp\/v2\/pages\/467","targetHints":{"allow":["GET"]}}],"collection":[{"href":"https:\/\/mandat.de\/imk\/wp-json\/wp\/v2\/pages"}],"about":[{"href":"https:\/\/mandat.de\/imk\/wp-json\/wp\/v2\/types\/page"}],"author":[{"embeddable":true,"href":"https:\/\/mandat.de\/imk\/wp-json\/wp\/v2\/users\/1"}],"replies":[{"embeddable":true,"href":"https:\/\/mandat.de\/imk\/wp-json\/wp\/v2\/comments?post=467"}],"version-history":[{"count":0,"href":"https:\/\/mandat.de\/imk\/wp-json\/wp\/v2\/pages\/467\/revisions"}],"wp:attachment":[{"href":"https:\/\/mandat.de\/imk\/wp-json\/wp\/v2\/media?parent=467"}],"curies":[{"name":"wp","href":"https:\/\/api.w.org\/{rel}","templated":true}]}}